{"id":12626,"date":"2021-02-09T11:40:12","date_gmt":"2021-02-09T09:40:12","guid":{"rendered":"https:\/\/www.grupopoliclinica.es\/recomendaciones-para-pacientes-con-covid-19-positivo\/"},"modified":"2021-08-09T08:54:59","modified_gmt":"2021-08-09T06:54:59","slug":"empfehlungen-fuer-positive-covid-19-patienten","status":"publish","type":"page","link":"https:\/\/www.grupopoliclinica.es\/de\/empfehlungen-fuer-positive-covid-19-patienten\/","title":{"rendered":"Empfehlungen f\u00fcr positive COVID-19-Patienten"},"content":{"rendered":"\t\t<div data-elementor-type=\"wp-page\" data-elementor-id=\"12626\" class=\"elementor elementor-12626\" data-elementor-post-type=\"page\">\n\t\t\t\t\t\t<section class=\"elementor-section elementor-top-section elementor-element elementor-element-c9407b9 elementor-section-boxed elementor-section-height-default elementor-section-height-default\" data-id=\"c9407b9\" data-element_type=\"section\" data-e-type=\"section\" data-settings=\"{&quot;background_background&quot;:&quot;classic&quot;}\">\n\t\t\t\t\t\t<div class=\"elementor-container elementor-column-gap-no\">\n\t\t\t\t\t<div class=\"elementor-column elementor-col-100 elementor-top-column elementor-element elementor-element-ad26a81\" data-id=\"ad26a81\" data-element_type=\"column\" data-e-type=\"column\">\n\t\t\t<div class=\"elementor-widget-wrap elementor-element-populated\">\n\t\t\t\t\t\t<div class=\"elementor-element elementor-element-e983551 elementor-widget elementor-widget-heading\" data-id=\"e983551\" data-element_type=\"widget\" data-e-type=\"widget\" data-widget_type=\"heading.default\">\n\t\t\t\t<div class=\"elementor-widget-container\">\n\t\t\t\t\t<h1 class=\"elementor-heading-title elementor-size-default\">Empfehlungen f\u00fcr positive COVID-19-Patienten<\/h1>\t\t\t\t<\/div>\n\t\t\t\t<\/div>\n\t\t\t\t\t<\/div>\n\t\t<\/div>\n\t\t\t\t\t<\/div>\n\t\t<\/section>\n\t\t\t\t<section class=\"elementor-section elementor-top-section elementor-element elementor-element-4a7af2f elementor-section-boxed elementor-section-height-default elementor-section-height-default\" data-id=\"4a7af2f\" data-element_type=\"section\" data-e-type=\"section\" data-settings=\"{&quot;background_background&quot;:&quot;classic&quot;}\">\n\t\t\t\t\t\t<div class=\"elementor-container elementor-column-gap-no\">\n\t\t\t\t\t<div class=\"elementor-column elementor-col-100 elementor-top-column elementor-element elementor-element-e45d9e4\" data-id=\"e45d9e4\" data-element_type=\"column\" data-e-type=\"column\">\n\t\t\t<div class=\"elementor-widget-wrap elementor-element-populated\">\n\t\t\t\t\t\t<div class=\"elementor-element elementor-element-2eedf5c elementor-widget elementor-widget-heading\" data-id=\"2eedf5c\" data-element_type=\"widget\" data-e-type=\"widget\" data-widget_type=\"heading.default\">\n\t\t\t\t<div class=\"elementor-widget-container\">\n\t\t\t\t\t<h2 class=\"elementor-heading-title elementor-size-large\">Bei mir wurde COVID-19 diagnostiziert. Was muss ich tun?<\/h2>\t\t\t\t<\/div>\n\t\t\t\t<\/div>\n\t\t\t\t<section class=\"elementor-section elementor-inner-section elementor-element elementor-element-cc5864c elementor-section-boxed elementor-section-height-default elementor-section-height-default\" data-id=\"cc5864c\" data-element_type=\"section\" data-e-type=\"section\">\n\t\t\t\t\t\t<div class=\"elementor-container elementor-column-gap-default\">\n\t\t\t\t\t<div class=\"elementor-column elementor-col-50 elementor-inner-column elementor-element elementor-element-26aa6ae\" data-id=\"26aa6ae\" data-element_type=\"column\" data-e-type=\"column\">\n\t\t\t<div class=\"elementor-widget-wrap elementor-element-populated\">\n\t\t\t\t\t\t<div class=\"elementor-element elementor-element-b42cdbe elementor-widget elementor-widget-text-editor\" data-id=\"b42cdbe\" data-element_type=\"widget\" data-e-type=\"widget\" data-widget_type=\"text-editor.default\">\n\t\t\t\t<div class=\"elementor-widget-container\">\n\t\t\t\t\t\t\t\t\t<p>Wenn das Testergebnis positiv ist, erhalten Sie eine E-Mail oder eine WhatsApp-Nachricht, die Sie dar\u00fcber informiert. Sie m\u00fcssen sich strikt isolieren und Ihre engen Kontakte* benachrichtigen.<\/p><p>Info Covid Ib-Salut wird sich mit Ihnen in Verbindung setzen, um Sie telefonisch zu \u00fcberwachen und Ihre engen Kontakte zu ermitteln.<\/p><p>Bei etwaigen Fragen wenden Sie sich bitte an INFO COVID unter der Telefonnummer 900 100 971.<\/p><p>Die Policl\u00ednica Ntra. Sra. del Rosario meldet dem COVID-Zentrum von Ibiza und Formentera sowie dem Epidemiologischen \u00dcberwachungsdienst der Balearen t\u00e4glich alle positiven F\u00e4lle. Ihre Daten werden dementsprechend in das System zur Kontrolle der auf COVID-19 positive getesteten Patienten aufgenommen.<\/p><p>Wenn Sie sich w\u00e4hrend der Isolierung schlechter f\u00fchlen, sollten Sie sich in die Notaufnahme der Policl\u00ednica begeben und dort melden, dass Sie COVID-positiv sind.<\/p>\t\t\t\t\t\t\t\t<\/div>\n\t\t\t\t<\/div>\n\t\t\t\t<div class=\"elementor-element elementor-element-2bb9dbe elementor-widget elementor-widget-text-editor\" data-id=\"2bb9dbe\" data-element_type=\"widget\" data-e-type=\"widget\" data-widget_type=\"text-editor.default\">\n\t\t\t\t<div class=\"elementor-widget-container\">\n\t\t\t\t\t\t\t\t\t<p>* Es ist wichtig, die Personen in Ihrem Umfeld zu bestimmen, die als <strong>ENGE KONTAKTE<\/strong> betrachtet werden k\u00f6nnen. Die folgenden Parameter bestimmen dies:<\/p>\t\t\t\t\t\t\t\t<\/div>\n\t\t\t\t<\/div>\n\t\t\t\t<div class=\"elementor-element elementor-element-a2bacfb elementor-icon-list--layout-traditional elementor-list-item-link-full_width elementor-widget elementor-widget-icon-list\" data-id=\"a2bacfb\" data-element_type=\"widget\" data-e-type=\"widget\" data-widget_type=\"icon-list.default\">\n\t\t\t\t<div class=\"elementor-widget-container\">\n\t\t\t\t\t\t\t<ul class=\"elementor-icon-list-items\">\n\t\t\t\t\t\t\t<li class=\"elementor-icon-list-item\">\n\t\t\t\t\t\t\t\t\t\t\t<span class=\"elementor-icon-list-icon\">\n\t\t\t\t\t\t\t<i aria-hidden=\"true\" class=\"far fa-arrow-alt-circle-right\"><\/i>\t\t\t\t\t\t<\/span>\n\t\t\t\t\t\t\t\t\t\t<span class=\"elementor-icon-list-text\">Jede Person, die sich in einer Entfernung von weniger als 2 Metern und f\u00fcr eine Gesamtzeit von mehr als 15 Minuten am selben Ort wie Sie aufgehalten hat.<\/span>\n\t\t\t\t\t\t\t\t\t<\/li>\n\t\t\t\t\t\t\t\t<li class=\"elementor-icon-list-item\">\n\t\t\t\t\t\t\t\t\t\t\t<span class=\"elementor-icon-list-icon\">\n\t\t\t\t\t\t\t<i aria-hidden=\"true\" class=\"far fa-arrow-alt-circle-right\"><\/i>\t\t\t\t\t\t<\/span>\n\t\t\t\t\t\t\t\t\t\t<span class=\"elementor-icon-list-text\">Zu ber\u00fccksichtigender Kontaktzeitraum:<\/span>\n\t\t\t\t\t\t\t\t\t<\/li>\n\t\t\t\t\t\t<\/ul>\n\t\t\t\t\t\t<\/div>\n\t\t\t\t<\/div>\n\t\t\t\t<div class=\"elementor-element elementor-element-56c2443 elementor-icon-list--layout-traditional elementor-list-item-link-full_width elementor-widget elementor-widget-icon-list\" data-id=\"56c2443\" data-element_type=\"widget\" data-e-type=\"widget\" data-widget_type=\"icon-list.default\">\n\t\t\t\t<div class=\"elementor-widget-container\">\n\t\t\t\t\t\t\t<ul class=\"elementor-icon-list-items\">\n\t\t\t\t\t\t\t<li class=\"elementor-icon-list-item\">\n\t\t\t\t\t\t\t\t\t\t\t<span class=\"elementor-icon-list-icon\">\n\t\t\t\t\t\t\t<i aria-hidden=\"true\" class=\"fas fa-angle-right\"><\/i>\t\t\t\t\t\t<\/span>\n\t\t\t\t\t\t\t\t\t\t<span class=\"elementor-icon-list-text\">2 Tage vor Auftreten der ersten Symptome<\/span>\n\t\t\t\t\t\t\t\t\t<\/li>\n\t\t\t\t\t\t\t\t<li class=\"elementor-icon-list-item\">\n\t\t\t\t\t\t\t\t\t\t\t<span class=\"elementor-icon-list-icon\">\n\t\t\t\t\t\t\t<i aria-hidden=\"true\" class=\"fas fa-angle-right\"><\/i>\t\t\t\t\t\t<\/span>\n\t\t\t\t\t\t\t\t\t\t<span class=\"elementor-icon-list-text\">Bei asymptomatischen F\u00e4llen, die durch PCR best\u00e4tigt wurden, ab 2 Tagen vor der Probeentnahme<\/span>\n\t\t\t\t\t\t\t\t\t<\/li>\n\t\t\t\t\t\t<\/ul>\n\t\t\t\t\t\t<\/div>\n\t\t\t\t<\/div>\n\t\t\t\t<div class=\"elementor-element elementor-element-9775143 elementor-widget elementor-widget-text-editor\" data-id=\"9775143\" data-element_type=\"widget\" data-e-type=\"widget\" data-widget_type=\"text-editor.default\">\n\t\t\t\t<div class=\"elementor-widget-container\">\n\t\t\t\t\t\t\t\t\t<p>Personen, die <strong>NICHT<\/strong> als <strong>enge Kontakte<\/strong> betrachtet werden, sollten nur auf das Auftreten m\u00f6glicher Symptome achten und besonderes Augenmerk auf die Hygiene- und Sicherheitsma\u00dfnahmen legen.<\/p><p>Personen, die als <strong>enge Kontakte<\/strong> betrachtet werden, m\u00fcssen sich in <strong>H\u00c4USLICHE ISOLIERUNG<\/strong> begeben; die Gesundheitsbeh\u00f6rde wird Kontakt mit ihnen aufnehmen.<\/p>\t\t\t\t\t\t\t\t<\/div>\n\t\t\t\t<\/div>\n\t\t\t\t\t<\/div>\n\t\t<\/div>\n\t\t\t\t<div class=\"elementor-column elementor-col-50 elementor-inner-column elementor-element elementor-element-f1c9398 elementor-hidden-phone\" data-id=\"f1c9398\" data-element_type=\"column\" data-e-type=\"column\" data-settings=\"{&quot;background_background&quot;:&quot;slideshow&quot;,&quot;background_slideshow_gallery&quot;:[{&quot;id&quot;:12517,&quot;url&quot;:&quot;https:\\\/\\\/www.grupopoliclinica.es\\\/wp-content\\\/uploads\\\/Recomendaciones-para-pacientes-con-COVID-19-positivo2-1.png&quot;}],&quot;background_slideshow_slide_duration&quot;:5000,&quot;background_slideshow_slide_transition&quot;:&quot;fade&quot;,&quot;background_slideshow_transition_duration&quot;:500}\">\n\t\t\t<div class=\"elementor-widget-wrap\">\n\t\t\t\t\t\t\t<\/div>\n\t\t<\/div>\n\t\t\t\t\t<\/div>\n\t\t<\/section>\n\t\t\t\t\t<\/div>\n\t\t<\/div>\n\t\t\t\t\t<\/div>\n\t\t<\/section>\n\t\t\t\t<section class=\"elementor-section elementor-top-section elementor-element elementor-element-ae732c8 elementor-section-boxed elementor-section-height-default elementor-section-height-default\" data-id=\"ae732c8\" data-element_type=\"section\" data-e-type=\"section\">\n\t\t\t\t\t\t<div class=\"elementor-container elementor-column-gap-default\">\n\t\t\t\t\t<div class=\"elementor-column elementor-col-100 elementor-top-column elementor-element elementor-element-cf8d83e\" data-id=\"cf8d83e\" data-element_type=\"column\" data-e-type=\"column\">\n\t\t\t<div class=\"elementor-widget-wrap elementor-element-populated\">\n\t\t\t\t\t\t<div class=\"elementor-element elementor-element-58ed867 elementor-widget elementor-widget-heading\" data-id=\"58ed867\" data-element_type=\"widget\" data-e-type=\"widget\" data-widget_type=\"heading.default\">\n\t\t\t\t<div class=\"elementor-widget-container\">\n\t\t\t\t\t<h2 class=\"elementor-heading-title elementor-size-large\">Vorgehen enge Kontakte<\/h2>\t\t\t\t<\/div>\n\t\t\t\t<\/div>\n\t\t\t\t<div class=\"elementor-element elementor-element-4f5beda elementor-widget elementor-widget-text-editor\" data-id=\"4f5beda\" data-element_type=\"widget\" data-e-type=\"widget\" data-widget_type=\"text-editor.default\">\n\t\t\t\t<div class=\"elementor-widget-container\">\n\t\t\t\t\t\t\t\t\t<p><strong>Geimpfte personen<\/strong><\/p><p>**Eine Person gilt als <strong>vollst\u00e4ndig geimpft<\/strong>, wenn sie beide Dosen erhalten hat (oder eine im Falle von<strong> Janssen<\/strong>) und 7 Tage vergangen sind, wenn sie mit<strong> Pfizer\/BioNTech<\/strong> geimpft wurde, oder 14 Tage, wenn sie mit <strong>Oxford\/AstraZeneca<\/strong> oder <strong>Moderna<\/strong> geimpft wurde.<\/p><p>Im Allgemeinen sind asymptomatische Personen, die als vollst\u00e4ndig geimpft** gelten oder die Infektion innerhalb der letzten 180 Tage \u00fcberstanden haben, von der Quarant\u00e4ne befreit. Sie sollten den Kontakt mit gef\u00e4hrdeten Personen vermeiden, bei sozialen Interaktionen Masken tragen, die Teilnahme an Massenveranstaltungen vermeiden und auf entsprechende Symptome achten.<\/p>\t\t\t\t\t\t\t\t<\/div>\n\t\t\t\t<\/div>\n\t\t\t\t<div class=\"elementor-element elementor-element-7c855a6 elementor-widget elementor-widget-text-editor\" data-id=\"7c855a6\" data-element_type=\"widget\" data-e-type=\"widget\" data-widget_type=\"text-editor.default\">\n\t\t\t\t<div class=\"elementor-widget-container\">\n\t\t\t\t\t\t\t\t\t<p><strong>Ungeimpfte personen<\/strong><\/p><p>Personen, die nur eine oder gar keine Dosis erhalten haben.<\/p><p>Diese Personen m\u00fcssen sich 10 Tage in Quarant\u00e4ne begeben (gerechnet ab dem letzten Kontakt mit dem best\u00e4tigten Fall).<\/p><p><strong>INFORMATIONEN F\u00dcR ENGE KONTAKTE, DIE \u00dcBERWACHT WERDEN ODER SICH IN QUARANT\u00c4NE BEFINDEN<\/strong><\/p><p>Die Gesundheitsbeh\u00f6rde wird Sie \u00fcber einen Zeitraum von 10 Tagen aktiv \u00fcberwachen. In dieser Zeit sollten Sie auf das Auftreten von Krankheitssymptomen (Fieber, Husten oder Atembeschwerden) achten, um so fr\u00fch wie m\u00f6glich handeln zu k\u00f6nnen, insbesondere um eine Ansteckung anderer Personen zu vermeiden.<\/p><p>Sie werden auch dar\u00fcber informiert, dass Sie zweimal t\u00e4glich Fieber messen m\u00fcssen, und die f\u00fcr die \u00dcberwachung zust\u00e4ndige Person wird mit Ihnen Kontakt aufnehmen, um die Messwerte und Ihren Gesundheitszustand in Erfahrung zu bringen.<\/p><p>Die \u00fcbrigen Ma\u00dfnahmen sind im Abschnitt <strong>INFORMATIONEN F\u00dcR DEN PATIENTEN<\/strong> beschrieben.<\/p>\t\t\t\t\t\t\t\t<\/div>\n\t\t\t\t<\/div>\n\t\t\t\t\t<\/div>\n\t\t<\/div>\n\t\t\t\t\t<\/div>\n\t\t<\/section>\n\t\t\t\t<section class=\"elementor-section elementor-top-section elementor-element elementor-element-090f652 elementor-section-boxed elementor-section-height-default elementor-section-height-default\" data-id=\"090f652\" data-element_type=\"section\" data-e-type=\"section\" data-settings=\"{&quot;background_background&quot;:&quot;classic&quot;}\">\n\t\t\t\t\t\t<div class=\"elementor-container elementor-column-gap-no\">\n\t\t\t\t\t<div class=\"elementor-column elementor-col-100 elementor-top-column elementor-element elementor-element-0d4b743\" data-id=\"0d4b743\" data-element_type=\"column\" data-e-type=\"column\">\n\t\t\t<div class=\"elementor-widget-wrap elementor-element-populated\">\n\t\t\t\t\t\t<div class=\"elementor-element elementor-element-1d5e6e3 elementor-widget elementor-widget-heading\" data-id=\"1d5e6e3\" data-element_type=\"widget\" data-e-type=\"widget\" data-widget_type=\"heading.default\">\n\t\t\t\t<div class=\"elementor-widget-container\">\n\t\t\t\t\t<h2 class=\"elementor-heading-title elementor-size-large\">Pr\u00e4ventivmassnahmen bei COVID-19-f\u00e4llen<\/h2>\t\t\t\t<\/div>\n\t\t\t\t<\/div>\n\t\t\t\t<section class=\"elementor-section elementor-inner-section elementor-element elementor-element-8ba660a elementor-section-boxed elementor-section-height-default elementor-section-height-default\" data-id=\"8ba660a\" data-element_type=\"section\" data-e-type=\"section\">\n\t\t\t\t\t\t<div class=\"elementor-container elementor-column-gap-default\">\n\t\t\t\t\t<div class=\"elementor-column elementor-col-50 elementor-inner-column elementor-element elementor-element-fd0ef19\" data-id=\"fd0ef19\" data-element_type=\"column\" data-e-type=\"column\">\n\t\t\t<div class=\"elementor-widget-wrap elementor-element-populated\">\n\t\t\t\t\t\t<div class=\"elementor-element elementor-element-369729d elementor-widget elementor-widget-heading\" data-id=\"369729d\" data-element_type=\"widget\" data-e-type=\"widget\" data-widget_type=\"heading.default\">\n\t\t\t\t<div class=\"elementor-widget-container\">\n\t\t\t\t\t<h3 class=\"elementor-heading-title elementor-size-medium\">Informationen f\u00fcr Patienten<\/h3>\t\t\t\t<\/div>\n\t\t\t\t<\/div>\n\t\t\t\t\t<\/div>\n\t\t<\/div>\n\t\t\t\t<div class=\"elementor-column elementor-col-50 elementor-inner-column elementor-element elementor-element-273c3aa elementor-hidden-phone\" data-id=\"273c3aa\" data-element_type=\"column\" data-e-type=\"column\" data-settings=\"{&quot;background_background&quot;:&quot;slideshow&quot;,&quot;background_slideshow_gallery&quot;:[{&quot;id&quot;:12557,&quot;url&quot;:&quot;https:\\\/\\\/www.grupopoliclinica.es\\\/wp-content\\\/uploads\\\/Recomendaciones-para-pacientes-con-COVID-19-positivo4.jpg&quot;}],&quot;background_slideshow_slide_duration&quot;:5000,&quot;background_slideshow_slide_transition&quot;:&quot;fade&quot;,&quot;background_slideshow_transition_duration&quot;:500}\">\n\t\t\t<div class=\"elementor-widget-wrap\">\n\t\t\t\t\t\t\t<\/div>\n\t\t<\/div>\n\t\t\t\t\t<\/div>\n\t\t<\/section>\n\t\t\t\t<section class=\"elementor-section elementor-inner-section elementor-element elementor-element-cccf606 elementor-section-boxed elementor-section-height-default elementor-section-height-default\" data-id=\"cccf606\" data-element_type=\"section\" data-e-type=\"section\">\n\t\t\t\t\t\t<div class=\"elementor-container elementor-column-gap-default\">\n\t\t\t\t\t<div class=\"elementor-column elementor-col-100 elementor-inner-column elementor-element elementor-element-b8fc84f\" data-id=\"b8fc84f\" data-element_type=\"column\" data-e-type=\"column\">\n\t\t\t<div class=\"elementor-widget-wrap elementor-element-populated\">\n\t\t\t\t\t\t<div class=\"elementor-element elementor-element-6e2f8d7 elementor-widget elementor-widget-heading\" data-id=\"6e2f8d7\" data-element_type=\"widget\" data-e-type=\"widget\" data-widget_type=\"heading.default\">\n\t\t\t\t<div class=\"elementor-widget-container\">\n\t\t\t\t\t<h3 class=\"elementor-heading-title elementor-size-medium\">Information f\u00fcr Haushaltsmitglieder<\/h3>\t\t\t\t<\/div>\n\t\t\t\t<\/div>\n\t\t\t\t\t<\/div>\n\t\t<\/div>\n\t\t\t\t\t<\/div>\n\t\t<\/section>\n\t\t\t\t\t<\/div>\n\t\t<\/div>\n\t\t\t\t\t<\/div>\n\t\t<\/section>\n\t\t\t\t<\/div>\n\t\t","protected":false},"excerpt":{"rendered":"<p>Empfehlungen f\u00fcr positive COVID-19-Patienten Bei mir wurde COVID-19 diagnostiziert. Was muss ich tun? Wenn das Testergebnis positiv ist, erhalten Sie eine E-Mail oder eine WhatsApp-Nachricht, die Sie dar\u00fcber informiert. Sie m\u00fcssen sich strikt isolieren und Ihre engen Kontakte* benachrichtigen. Info Covid Ib-Salut wird sich mit Ihnen in Verbindung setzen, um Sie telefonisch zu \u00fcberwachen und [&hellip;]<\/p>\n","protected":false},"author":2,"featured_media":0,"parent":0,"menu_order":0,"comment_status":"closed","ping_status":"closed","template":"","meta":{"_acf_changed":false,"site-sidebar-layout":"no-sidebar","site-content-layout":"page-builder","ast-site-content-layout":"default","site-content-style":"default","site-sidebar-style":"default","ast-global-header-display":"","ast-banner-title-visibility":"","ast-main-header-display":"","ast-hfb-above-header-display":"","ast-hfb-below-header-display":"","ast-hfb-mobile-header-display":"","site-post-title":"disabled","ast-breadcrumbs-content":"","ast-featured-img":"disabled","footer-sml-layout":"","ast-disable-related-posts":"","theme-transparent-header-meta":"default","adv-header-id-meta":"","stick-header-meta":"","header-above-stick-meta":"","header-main-stick-meta":"","header-below-stick-meta":"","astra-migrate-meta-layouts":"default","ast-page-background-enabled":"default","ast-page-background-meta":{"desktop":{"background-color":"","background-image":"","background-repeat":"repeat","background-position":"center center","background-size":"auto","background-attachment":"scroll","background-type":"","background-media":"","overlay-type":"","overlay-color":"","overlay-opacity":"","overlay-gradient":""},"tablet":{"background-color":"","background-image":"","background-repeat":"repeat","background-position":"center center","background-size":"auto","background-attachment":"scroll","background-type":"","background-media":"","overlay-type":"","overlay-color":"","overlay-opacity":"","overlay-gradient":""},"mobile":{"background-color":"","background-image":"","background-repeat":"repeat","background-position":"center center","background-size":"auto","background-attachment":"scroll","background-type":"","background-media":"","overlay-type":"","overlay-color":"","overlay-opacity":"","overlay-gradient":""}},"ast-content-background-meta":{"desktop":{"background-color":"var(--ast-global-color-5)","background-image":"","background-repeat":"repeat","background-position":"center center","background-size":"auto","background-attachment":"scroll","background-type":"","background-media":"","overlay-type":"","overlay-color":"","overlay-opacity":"","overlay-gradient":""},"tablet":{"background-color":"var(--ast-global-color-5)","background-image":"","background-repeat":"repeat","background-position":"center center","background-size":"auto","background-attachment":"scroll","background-type":"","background-media":"","overlay-type":"","overlay-color":"","overlay-opacity":"","overlay-gradient":""},"mobile":{"background-color":"var(--ast-global-color-5)","background-image":"","background-repeat":"repeat","background-position":"center center","background-size":"auto","background-attachment":"scroll","background-type":"","background-media":"","overlay-type":"","overlay-color":"","overlay-opacity":"","overlay-gradient":""}},"footnotes":""},"class_list":["post-12626","page","type-page","status-publish","hentry"],"acf":[],"featured_image_urls":{},"post_mailing_queue_ids":[],"_links":{"self":[{"href":"https:\/\/www.grupopoliclinica.es\/de\/wp-json\/wp\/v2\/pages\/12626","targetHints":{"allow":["GET"]}}],"collection":[{"href":"https:\/\/www.grupopoliclinica.es\/de\/wp-json\/wp\/v2\/pages"}],"about":[{"href":"https:\/\/www.grupopoliclinica.es\/de\/wp-json\/wp\/v2\/types\/page"}],"author":[{"embeddable":true,"href":"https:\/\/www.grupopoliclinica.es\/de\/wp-json\/wp\/v2\/users\/2"}],"replies":[{"embeddable":true,"href":"https:\/\/www.grupopoliclinica.es\/de\/wp-json\/wp\/v2\/comments?post=12626"}],"version-history":[{"count":0,"href":"https:\/\/www.grupopoliclinica.es\/de\/wp-json\/wp\/v2\/pages\/12626\/revisions"}],"wp:attachment":[{"href":"https:\/\/www.grupopoliclinica.es\/de\/wp-json\/wp\/v2\/media?parent=12626"}],"curies":[{"name":"wp","href":"https:\/\/api.w.org\/{rel}","templated":true}]}}