{"id":12624,"date":"2021-02-09T11:40:12","date_gmt":"2021-02-09T09:40:12","guid":{"rendered":"https:\/\/www.grupopoliclinica.es\/recomendaciones-para-pacientes-con-covid-19-positivo\/"},"modified":"2021-08-09T08:57:28","modified_gmt":"2021-08-09T06:57:28","slug":"recomanacions-per-a-pacients-amb-covid-19-positiu","status":"publish","type":"page","link":"https:\/\/www.grupopoliclinica.es\/ca\/recomanacions-per-a-pacients-amb-covid-19-positiu\/","title":{"rendered":"Recomanacions per a pacients amb COVID-19 positiu"},"content":{"rendered":"\t\t<div data-elementor-type=\"wp-page\" data-elementor-id=\"12624\" class=\"elementor elementor-12624\" data-elementor-post-type=\"page\">\n\t\t\t\t\t\t<section class=\"elementor-section elementor-top-section elementor-element elementor-element-c9407b9 elementor-section-boxed elementor-section-height-default elementor-section-height-default\" data-id=\"c9407b9\" data-element_type=\"section\" data-e-type=\"section\" data-settings=\"{&quot;background_background&quot;:&quot;classic&quot;}\">\n\t\t\t\t\t\t<div class=\"elementor-container elementor-column-gap-no\">\n\t\t\t\t\t<div class=\"elementor-column elementor-col-100 elementor-top-column elementor-element elementor-element-ad26a81\" data-id=\"ad26a81\" data-element_type=\"column\" data-e-type=\"column\">\n\t\t\t<div class=\"elementor-widget-wrap elementor-element-populated\">\n\t\t\t\t\t\t<div class=\"elementor-element elementor-element-e983551 elementor-widget elementor-widget-heading\" data-id=\"e983551\" data-element_type=\"widget\" data-e-type=\"widget\" data-widget_type=\"heading.default\">\n\t\t\t\t<div class=\"elementor-widget-container\">\n\t\t\t\t\t<h1 class=\"elementor-heading-title elementor-size-default\">Recomanacions per a pacients amb COVID-19 positiu<\/h1>\t\t\t\t<\/div>\n\t\t\t\t<\/div>\n\t\t\t\t\t<\/div>\n\t\t<\/div>\n\t\t\t\t\t<\/div>\n\t\t<\/section>\n\t\t\t\t<section class=\"elementor-section elementor-top-section elementor-element elementor-element-4a7af2f elementor-section-boxed elementor-section-height-default elementor-section-height-default\" data-id=\"4a7af2f\" data-element_type=\"section\" data-e-type=\"section\" data-settings=\"{&quot;background_background&quot;:&quot;classic&quot;}\">\n\t\t\t\t\t\t<div class=\"elementor-container elementor-column-gap-no\">\n\t\t\t\t\t<div class=\"elementor-column elementor-col-100 elementor-top-column elementor-element elementor-element-e45d9e4\" data-id=\"e45d9e4\" data-element_type=\"column\" data-e-type=\"column\">\n\t\t\t<div class=\"elementor-widget-wrap elementor-element-populated\">\n\t\t\t\t\t\t<div class=\"elementor-element elementor-element-2eedf5c elementor-widget elementor-widget-heading\" data-id=\"2eedf5c\" data-element_type=\"widget\" data-e-type=\"widget\" data-widget_type=\"heading.default\">\n\t\t\t\t<div class=\"elementor-widget-container\">\n\t\t\t\t\t<h2 class=\"elementor-heading-title elementor-size-large\">M\u2019han diagnosticat COVID-19. Qu\u00e8 he de fer?<\/h2>\t\t\t\t<\/div>\n\t\t\t\t<\/div>\n\t\t\t\t<section class=\"elementor-section elementor-inner-section elementor-element elementor-element-cc5864c elementor-section-boxed elementor-section-height-default elementor-section-height-default\" data-id=\"cc5864c\" data-element_type=\"section\" data-e-type=\"section\">\n\t\t\t\t\t\t<div class=\"elementor-container elementor-column-gap-default\">\n\t\t\t\t\t<div class=\"elementor-column elementor-col-50 elementor-inner-column elementor-element elementor-element-26aa6ae\" data-id=\"26aa6ae\" data-element_type=\"column\" data-e-type=\"column\">\n\t\t\t<div class=\"elementor-widget-wrap elementor-element-populated\">\n\t\t\t\t\t\t<div class=\"elementor-element elementor-element-b42cdbe elementor-widget elementor-widget-text-editor\" data-id=\"b42cdbe\" data-element_type=\"widget\" data-e-type=\"widget\" data-widget_type=\"text-editor.default\">\n\t\t\t\t<div class=\"elementor-widget-container\">\n\t\t\t\t\t\t\t\t\t<p>Si el resultat de la prova \u00e9s positiu, rebr\u00e0 un correu electr\u00f2nic o un missatge de WhatsApp comunicant-l&#8217;hi. Haur\u00e0 de realitzar a\u00efllament estricte i avisar als seus contactes estrets *.<\/p><p>Ser\u00e0 Info Covid Ib-Salut qui es posi en contacte amb vost\u00e8 per a fer-li el seguiment telef\u00f2nic i rastrejar als seus contactes estrets.<\/p><p>Per a qualsevol dubte ha de contactar amb INFO COVID en el tel\u00e8fon 900 100 971<\/p><p>Policl\u00ednica Ntra. Sra. del Rosari comunica di\u00e0riament al Centre COVID d&#8217;Eivissa i Formentera i al Servei de Vigil\u00e0ncia Epidemiol\u00f2gica de Balears, tots els casos positius. D&#8217;aquesta manera les seves dades entren dins del Sistema de control de pacients positius en COVID-19.<\/p><p>Si durant l&#8217;a\u00efllament es troba pitjor, ha d&#8217;acudir al servei d&#8217;urg\u00e8ncies de Policl\u00ednica i avisar a la seva arribada que \u00e9s\u00a0COVID\u00a0positiu.<\/p>\t\t\t\t\t\t\t\t<\/div>\n\t\t\t\t<\/div>\n\t\t\t\t<div class=\"elementor-element elementor-element-2bb9dbe elementor-widget elementor-widget-text-editor\" data-id=\"2bb9dbe\" data-element_type=\"widget\" data-e-type=\"widget\" data-widget_type=\"text-editor.default\">\n\t\t\t\t<div class=\"elementor-widget-container\">\n\t\t\t\t\t\t\t\t\t<p>* \u00c9s important determinar les persones del seu entorn que es poden considerar CONTACTES ESTRETS. Aquests s\u00f3n els par\u00e0metres que ho determinen:<\/p>\t\t\t\t\t\t\t\t<\/div>\n\t\t\t\t<\/div>\n\t\t\t\t<div class=\"elementor-element elementor-element-a2bacfb elementor-icon-list--layout-traditional elementor-list-item-link-full_width elementor-widget elementor-widget-icon-list\" data-id=\"a2bacfb\" data-element_type=\"widget\" data-e-type=\"widget\" data-widget_type=\"icon-list.default\">\n\t\t\t\t<div class=\"elementor-widget-container\">\n\t\t\t\t\t\t\t<ul class=\"elementor-icon-list-items\">\n\t\t\t\t\t\t\t<li class=\"elementor-icon-list-item\">\n\t\t\t\t\t\t\t\t\t\t\t<span class=\"elementor-icon-list-icon\">\n\t\t\t\t\t\t\t<i aria-hidden=\"true\" class=\"far fa-arrow-alt-circle-right\"><\/i>\t\t\t\t\t\t<\/span>\n\t\t\t\t\t\t\t\t\t\t<span class=\"elementor-icon-list-text\">Qualsevol persona que hagi estat en el mateix lloc que vost\u00e8, a una dist\u00e0ncia menor de 2 metres i durant un temps acumulat de m\u00e9s de 15 minuts.<\/span>\n\t\t\t\t\t\t\t\t\t<\/li>\n\t\t\t\t\t\t\t\t<li class=\"elementor-icon-list-item\">\n\t\t\t\t\t\t\t\t\t\t\t<span class=\"elementor-icon-list-icon\">\n\t\t\t\t\t\t\t<i aria-hidden=\"true\" class=\"far fa-arrow-alt-circle-right\"><\/i>\t\t\t\t\t\t<\/span>\n\t\t\t\t\t\t\t\t\t\t<span class=\"elementor-icon-list-text\">El per\u00edode de contacte que s\u2019ha de considerar \u00e9s el seg\u00fcent:<\/span>\n\t\t\t\t\t\t\t\t\t<\/li>\n\t\t\t\t\t\t<\/ul>\n\t\t\t\t\t\t<\/div>\n\t\t\t\t<\/div>\n\t\t\t\t<div class=\"elementor-element elementor-element-56c2443 elementor-icon-list--layout-traditional elementor-list-item-link-full_width elementor-widget elementor-widget-icon-list\" data-id=\"56c2443\" data-element_type=\"widget\" data-e-type=\"widget\" data-widget_type=\"icon-list.default\">\n\t\t\t\t<div class=\"elementor-widget-container\">\n\t\t\t\t\t\t\t<ul class=\"elementor-icon-list-items\">\n\t\t\t\t\t\t\t<li class=\"elementor-icon-list-item\">\n\t\t\t\t\t\t\t\t\t\t\t<span class=\"elementor-icon-list-icon\">\n\t\t\t\t\t\t\t<i aria-hidden=\"true\" class=\"fas fa-angle-right\"><\/i>\t\t\t\t\t\t<\/span>\n\t\t\t\t\t\t\t\t\t\t<span class=\"elementor-icon-list-text\">2 dies abans de l\u2019aparici\u00f3 dels s\u00edmptomes.<\/span>\n\t\t\t\t\t\t\t\t\t<\/li>\n\t\t\t\t\t\t\t\t<li class=\"elementor-icon-list-item\">\n\t\t\t\t\t\t\t\t\t\t\t<span class=\"elementor-icon-list-icon\">\n\t\t\t\t\t\t\t<i aria-hidden=\"true\" class=\"fas fa-angle-right\"><\/i>\t\t\t\t\t\t<\/span>\n\t\t\t\t\t\t\t\t\t\t<span class=\"elementor-icon-list-text\">En els casos asimptom\u00e0tics confirmats per PCR, des de 2 dies abans de la presa de la mostra<\/span>\n\t\t\t\t\t\t\t\t\t<\/li>\n\t\t\t\t\t\t<\/ul>\n\t\t\t\t\t\t<\/div>\n\t\t\t\t<\/div>\n\t\t\t\t<div class=\"elementor-element elementor-element-9775143 elementor-widget elementor-widget-text-editor\" data-id=\"9775143\" data-element_type=\"widget\" data-e-type=\"widget\" data-widget_type=\"text-editor.default\">\n\t\t\t\t<div class=\"elementor-widget-container\">\n\t\t\t\t\t\t\t\t\t<p>Les persones que, <strong>NO<\/strong> es consideren <strong>contactes estrets<\/strong>, nom\u00e9s hauran de vigilar l&#8217;aparici\u00f3 de possibles s\u00edmptomes i extremar les mesures d&#8217;higiene i seguretat.<\/p><p>Les persones que,<strong> SI<\/strong> es consideren<strong> contactes estrets<\/strong>, hauran de realitzar <strong>A\u00cfLLAMENT DOMICILIARI<\/strong> i Sanitat es posar\u00e0 en contacte amb ells.<\/p>\t\t\t\t\t\t\t\t<\/div>\n\t\t\t\t<\/div>\n\t\t\t\t\t<\/div>\n\t\t<\/div>\n\t\t\t\t<div class=\"elementor-column elementor-col-50 elementor-inner-column elementor-element elementor-element-f1c9398 elementor-hidden-phone\" data-id=\"f1c9398\" data-element_type=\"column\" data-e-type=\"column\" data-settings=\"{&quot;background_background&quot;:&quot;slideshow&quot;,&quot;background_slideshow_gallery&quot;:[{&quot;id&quot;:12517,&quot;url&quot;:&quot;https:\\\/\\\/www.grupopoliclinica.es\\\/wp-content\\\/uploads\\\/Recomendaciones-para-pacientes-con-COVID-19-positivo2-1.png&quot;}],&quot;background_slideshow_slide_duration&quot;:5000,&quot;background_slideshow_slide_transition&quot;:&quot;fade&quot;,&quot;background_slideshow_transition_duration&quot;:500}\">\n\t\t\t<div class=\"elementor-widget-wrap\">\n\t\t\t\t\t\t\t<\/div>\n\t\t<\/div>\n\t\t\t\t\t<\/div>\n\t\t<\/section>\n\t\t\t\t\t<\/div>\n\t\t<\/div>\n\t\t\t\t\t<\/div>\n\t\t<\/section>\n\t\t\t\t<section class=\"elementor-section elementor-top-section elementor-element elementor-element-e3eba0a elementor-section-boxed elementor-section-height-default elementor-section-height-default\" data-id=\"e3eba0a\" data-element_type=\"section\" data-e-type=\"section\">\n\t\t\t\t\t\t<div class=\"elementor-container elementor-column-gap-default\">\n\t\t\t\t\t<div class=\"elementor-column elementor-col-100 elementor-top-column elementor-element elementor-element-b26edc0\" data-id=\"b26edc0\" data-element_type=\"column\" data-e-type=\"column\">\n\t\t\t<div class=\"elementor-widget-wrap elementor-element-populated\">\n\t\t\t\t\t\t<div class=\"elementor-element elementor-element-df6c1a7 elementor-widget elementor-widget-heading\" data-id=\"df6c1a7\" data-element_type=\"widget\" data-e-type=\"widget\" data-widget_type=\"heading.default\">\n\t\t\t\t<div class=\"elementor-widget-container\">\n\t\t\t\t\t<h2 class=\"elementor-heading-title elementor-size-large\">Procediment d'actuaci\u00f3 en contactes estrets<\/h2>\t\t\t\t<\/div>\n\t\t\t\t<\/div>\n\t\t\t\t<div class=\"elementor-element elementor-element-25b7a4b elementor-widget elementor-widget-text-editor\" data-id=\"25b7a4b\" data-element_type=\"widget\" data-e-type=\"widget\" data-widget_type=\"text-editor.default\">\n\t\t\t\t<div class=\"elementor-widget-container\">\n\t\t\t\t\t\t\t\t\t<p><strong>Persones vacunades<\/strong><\/p><p>**Es considera que una persona est\u00e0<strong> completament vacunada<\/strong> quan hagi rebut les dues dosis (o una en el cas de\u00a0<strong>Janssen<\/strong>)\u00a0i hagin transcorregut 7 dies en el cas d&#8217;estar vacunats amb\u00a0<strong>Pfizer\/BioNTech<\/strong>\u00a0o de 14 dies si li han vacunat amb<strong> Oxford\/AstraZeneca<\/strong>\u00a0o <strong>Moderna<\/strong>.<\/p><p>En general, les persones asimptom\u00e0tiques considerades com completament vacunades** o que han passat la infecci\u00f3 en els 180 dies previs, estan exemptes de quarantena. Han d&#8217;evitar el contacte amb persones vulnerables, usar m\u00e0scara en les seves interaccions socials, no acudir a esdeveniments multitudinaris, i controlar la possible aparici\u00f3 de s\u00edmptomes compatibles.<\/p>\t\t\t\t\t\t\t\t<\/div>\n\t\t\t\t<\/div>\n\t\t\t\t<div class=\"elementor-element elementor-element-e6ceac1 elementor-widget elementor-widget-text-editor\" data-id=\"e6ceac1\" data-element_type=\"widget\" data-e-type=\"widget\" data-widget_type=\"text-editor.default\">\n\t\t\t\t<div class=\"elementor-widget-container\">\n\t\t\t\t\t\t\t\t\t<p><strong>Persones no vacunades<\/strong><\/p><p>S\u00f3n les que s&#8217;han posat nom\u00e9s una dosi o cap.<\/p><p>Aquestes persones han de realitzar 10 dies de quarantena (comptats des de l&#8217;\u00faltim contacte amb el cas confirmat)<\/p><p><strong>INFORMACI\u00d3 PER ALS CONTACTES ESTRETS EN SEGUIMENT O QUARANTENA<\/strong><\/p><p>Sanitat li realitzar\u00e0 un seguiment actiu al llarg d&#8217;un per\u00edode de 10 dies. En aquest per\u00edode ha d&#8217;estar atent a l&#8217;aparici\u00f3 de qualsevol s\u00edmptoma de la malaltia (febre, tos o dificultat respirat\u00f2ria) per a poder actuar de la forma m\u00e9s primerenca possible, especialment per a evitar transmetre-ho a altres persones.<\/p><p>L&#8217;informaran a m\u00e9s que s&#8217;ha de prendre la temperatura 2 vegades al dia i el responsable del seu seguiment contactar\u00e0 amb vost\u00e8 per a con\u00e8ixer aquests mesuraments i el seu estat de salut.<\/p><p>La resta de les mesures es descriuen en l&#8217;apartat <strong>INFORMACI\u00d3 PER Al PACIENT<\/strong>.<\/p>\t\t\t\t\t\t\t\t<\/div>\n\t\t\t\t<\/div>\n\t\t\t\t\t<\/div>\n\t\t<\/div>\n\t\t\t\t\t<\/div>\n\t\t<\/section>\n\t\t\t\t<section class=\"elementor-section elementor-top-section elementor-element elementor-element-090f652 elementor-section-boxed elementor-section-height-default elementor-section-height-default\" data-id=\"090f652\" data-element_type=\"section\" data-e-type=\"section\" data-settings=\"{&quot;background_background&quot;:&quot;classic&quot;}\">\n\t\t\t\t\t\t<div class=\"elementor-container elementor-column-gap-no\">\n\t\t\t\t\t<div class=\"elementor-column elementor-col-100 elementor-top-column elementor-element elementor-element-0d4b743\" data-id=\"0d4b743\" data-element_type=\"column\" data-e-type=\"column\">\n\t\t\t<div class=\"elementor-widget-wrap elementor-element-populated\">\n\t\t\t\t\t\t<div class=\"elementor-element elementor-element-1d5e6e3 elementor-widget elementor-widget-heading\" data-id=\"1d5e6e3\" data-element_type=\"widget\" data-e-type=\"widget\" data-widget_type=\"heading.default\">\n\t\t\t\t<div class=\"elementor-widget-container\">\n\t\t\t\t\t<h2 class=\"elementor-heading-title elementor-size-large\">Mesures preventives per als casos de COVID-19<\/h2>\t\t\t\t<\/div>\n\t\t\t\t<\/div>\n\t\t\t\t<section class=\"elementor-section elementor-inner-section elementor-element elementor-element-8ba660a elementor-section-boxed elementor-section-height-default elementor-section-height-default\" data-id=\"8ba660a\" data-element_type=\"section\" data-e-type=\"section\">\n\t\t\t\t\t\t<div class=\"elementor-container elementor-column-gap-default\">\n\t\t\t\t\t<div class=\"elementor-column elementor-col-50 elementor-inner-column elementor-element elementor-element-fd0ef19\" data-id=\"fd0ef19\" data-element_type=\"column\" data-e-type=\"column\">\n\t\t\t<div class=\"elementor-widget-wrap elementor-element-populated\">\n\t\t\t\t\t\t<div class=\"elementor-element elementor-element-369729d elementor-widget elementor-widget-heading\" data-id=\"369729d\" data-element_type=\"widget\" data-e-type=\"widget\" data-widget_type=\"heading.default\">\n\t\t\t\t<div class=\"elementor-widget-container\">\n\t\t\t\t\t<h3 class=\"elementor-heading-title elementor-size-medium\">Informaci\u00f3 per al pacient <\/h3>\t\t\t\t<\/div>\n\t\t\t\t<\/div>\n\t\t\t\t\t<\/div>\n\t\t<\/div>\n\t\t\t\t<div class=\"elementor-column elementor-col-50 elementor-inner-column elementor-element elementor-element-273c3aa elementor-hidden-phone\" data-id=\"273c3aa\" data-element_type=\"column\" data-e-type=\"column\" data-settings=\"{&quot;background_background&quot;:&quot;slideshow&quot;,&quot;background_slideshow_gallery&quot;:[{&quot;id&quot;:12557,&quot;url&quot;:&quot;https:\\\/\\\/www.grupopoliclinica.es\\\/wp-content\\\/uploads\\\/Recomendaciones-para-pacientes-con-COVID-19-positivo4.jpg&quot;}],&quot;background_slideshow_slide_duration&quot;:5000,&quot;background_slideshow_slide_transition&quot;:&quot;fade&quot;,&quot;background_slideshow_transition_duration&quot;:500}\">\n\t\t\t<div class=\"elementor-widget-wrap\">\n\t\t\t\t\t\t\t<\/div>\n\t\t<\/div>\n\t\t\t\t\t<\/div>\n\t\t<\/section>\n\t\t\t\t<section class=\"elementor-section elementor-inner-section elementor-element elementor-element-cccf606 elementor-section-boxed elementor-section-height-default elementor-section-height-default\" data-id=\"cccf606\" data-element_type=\"section\" data-e-type=\"section\">\n\t\t\t\t\t\t<div class=\"elementor-container elementor-column-gap-default\">\n\t\t\t\t\t<div class=\"elementor-column elementor-col-100 elementor-inner-column elementor-element elementor-element-b8fc84f\" data-id=\"b8fc84f\" data-element_type=\"column\" data-e-type=\"column\">\n\t\t\t<div class=\"elementor-widget-wrap elementor-element-populated\">\n\t\t\t\t\t\t<div class=\"elementor-element elementor-element-6e2f8d7 elementor-widget elementor-widget-heading\" data-id=\"6e2f8d7\" data-element_type=\"widget\" data-e-type=\"widget\" data-widget_type=\"heading.default\">\n\t\t\t\t<div class=\"elementor-widget-container\">\n\t\t\t\t\t<h3 class=\"elementor-heading-title elementor-size-medium\">Informaci\u00f3 per als convivents<\/h3>\t\t\t\t<\/div>\n\t\t\t\t<\/div>\n\t\t\t\t\t<\/div>\n\t\t<\/div>\n\t\t\t\t\t<\/div>\n\t\t<\/section>\n\t\t\t\t\t<\/div>\n\t\t<\/div>\n\t\t\t\t\t<\/div>\n\t\t<\/section>\n\t\t\t\t<\/div>\n\t\t","protected":false},"excerpt":{"rendered":"<p>Recomanacions per a pacients amb COVID-19 positiu M\u2019han diagnosticat COVID-19. Qu\u00e8 he de fer? Si el resultat de la prova \u00e9s positiu, rebr\u00e0 un correu electr\u00f2nic o un missatge de WhatsApp comunicant-l&#8217;hi. Haur\u00e0 de realitzar a\u00efllament estricte i avisar als seus contactes estrets *. Ser\u00e0 Info Covid Ib-Salut qui es posi en contacte amb vost\u00e8 [&hellip;]<\/p>\n","protected":false},"author":2,"featured_media":0,"parent":0,"menu_order":0,"comment_status":"closed","ping_status":"closed","template":"","meta":{"_acf_changed":false,"site-sidebar-layout":"no-sidebar","site-content-layout":"page-builder","ast-site-content-layout":"default","site-content-style":"default","site-sidebar-style":"default","ast-global-header-display":"","ast-banner-title-visibility":"","ast-main-header-display":"","ast-hfb-above-header-display":"","ast-hfb-below-header-display":"","ast-hfb-mobile-header-display":"","site-post-title":"disabled","ast-breadcrumbs-content":"","ast-featured-img":"disabled","footer-sml-layout":"","ast-disable-related-posts":"","theme-transparent-header-meta":"default","adv-header-id-meta":"","stick-header-meta":"","header-above-stick-meta":"","header-main-stick-meta":"","header-below-stick-meta":"","astra-migrate-meta-layouts":"default","ast-page-background-enabled":"default","ast-page-background-meta":{"desktop":{"background-color":"","background-image":"","background-repeat":"repeat","background-position":"center center","background-size":"auto","background-attachment":"scroll","background-type":"","background-media":"","overlay-type":"","overlay-color":"","overlay-opacity":"","overlay-gradient":""},"tablet":{"background-color":"","background-image":"","background-repeat":"repeat","background-position":"center center","background-size":"auto","background-attachment":"scroll","background-type":"","background-media":"","overlay-type":"","overlay-color":"","overlay-opacity":"","overlay-gradient":""},"mobile":{"background-color":"","background-image":"","background-repeat":"repeat","background-position":"center center","background-size":"auto","background-attachment":"scroll","background-type":"","background-media":"","overlay-type":"","overlay-color":"","overlay-opacity":"","overlay-gradient":""}},"ast-content-background-meta":{"desktop":{"background-color":"var(--ast-global-color-5)","background-image":"","background-repeat":"repeat","background-position":"center center","background-size":"auto","background-attachment":"scroll","background-type":"","background-media":"","overlay-type":"","overlay-color":"","overlay-opacity":"","overlay-gradient":""},"tablet":{"background-color":"var(--ast-global-color-5)","background-image":"","background-repeat":"repeat","background-position":"center center","background-size":"auto","background-attachment":"scroll","background-type":"","background-media":"","overlay-type":"","overlay-color":"","overlay-opacity":"","overlay-gradient":""},"mobile":{"background-color":"var(--ast-global-color-5)","background-image":"","background-repeat":"repeat","background-position":"center center","background-size":"auto","background-attachment":"scroll","background-type":"","background-media":"","overlay-type":"","overlay-color":"","overlay-opacity":"","overlay-gradient":""}},"footnotes":""},"class_list":["post-12624","page","type-page","status-publish","hentry"],"acf":[],"featured_image_urls":{},"post_mailing_queue_ids":[],"_links":{"self":[{"href":"https:\/\/www.grupopoliclinica.es\/ca\/wp-json\/wp\/v2\/pages\/12624","targetHints":{"allow":["GET"]}}],"collection":[{"href":"https:\/\/www.grupopoliclinica.es\/ca\/wp-json\/wp\/v2\/pages"}],"about":[{"href":"https:\/\/www.grupopoliclinica.es\/ca\/wp-json\/wp\/v2\/types\/page"}],"author":[{"embeddable":true,"href":"https:\/\/www.grupopoliclinica.es\/ca\/wp-json\/wp\/v2\/users\/2"}],"replies":[{"embeddable":true,"href":"https:\/\/www.grupopoliclinica.es\/ca\/wp-json\/wp\/v2\/comments?post=12624"}],"version-history":[{"count":0,"href":"https:\/\/www.grupopoliclinica.es\/ca\/wp-json\/wp\/v2\/pages\/12624\/revisions"}],"wp:attachment":[{"href":"https:\/\/www.grupopoliclinica.es\/ca\/wp-json\/wp\/v2\/media?parent=12624"}],"curies":[{"name":"wp","href":"https:\/\/api.w.org\/{rel}","templated":true}]}}